{"id":5405,"date":"2022-03-31T10:39:37","date_gmt":"2022-03-31T08:39:37","guid":{"rendered":"https:\/\/marqalicante.com\/gladiadores\/?post_type=portfolio&#038;p=5405"},"modified":"2022-04-01T12:51:50","modified_gmt":"2022-04-01T10:51:50","slug":"casco-de-un-provocator","status":"publish","type":"portfolio","link":"https:\/\/marqalicante.com\/gladiadores\/portfolio-item\/casco-de-un-provocator\/","title":{"rendered":"Casco de un Provocator"},"content":{"rendered":"<p>[vc_row][vc_column][vc_empty_space height=\u00bb45px\u00bb][vc_single_image image=\u00bb5394&#8243; img_size=\u00bblarge\u00bb alignment=\u00bbcenter\u00bb onclick=\u00bbimg_link_large\u00bb][\/vc_column][\/vc_row][vc_row][vc_column][vc_column_text css_animation=\u00bbfadeIn\u00bb]<\/p>\n<h1 class=\"p1\"><b>Casco de un Provocator pompeyanos y nocerinos en el anfiteatro de Pompeya<\/b><\/h1>\n<p>[\/vc_column_text][\/vc_column][\/vc_row][vc_row][vc_column][vc_column_text]<\/p>\n<hr \/>\n<p class=\"p1\"><span class=\"s1\"><span class=\"Apple-converted-space\">\u00a0<\/span><\/span><strong>Pompeya, Cuartel de los gladiadores<\/strong><\/p>\n<p class=\"p1\"><strong>50\u201379 d.C.<\/strong><\/p>\n<p class=\"p1\"><strong>Bronce<\/strong><\/p>\n<p class=\"p1\"><strong>Museo Arqueol\u00f3gico Nacional, N\u00e1poles<span class=\"Apple-converted-space\">\u00a0<\/span><\/strong><\/p>\n<hr \/>\n<p class=\"p1\"><span class=\"s1\"><span class=\"Apple-converted-space\">\u00a0<\/span><\/span>Este casco no tiene cresta y s\u00f3lo lo llevaban los gladiadores <i>provocator<\/i>, fuertemente armados y acorazados. La decoraci\u00f3n de este casco consiste en un guerrero desnudo con una espada junto a un peque\u00f1o escudo, un casco y otra espada. La parte trasera del casco se da\u00f1\u00f3 durante un combate y la grieta se repar\u00f3 con una pieza de bronce en forma de hoz sujeta con tres clavos.<\/p>\n<p>[\/vc_column_text][\/vc_column][\/vc_row]<\/p>\n","protected":false},"excerpt":{"rendered":"<p><strong>Pompeya, Cuartel de los gladiadores<\/strong><br \/>\n<strong>50\u201379 d.C.<\/strong><br \/>\n<strong>Museo Arqueol\u00f3gico Nacional, N\u00e1poles<\/strong><br \/>\nEste casco no tiene cresta y s\u00f3lo lo llevaban los gladiadores provocator, fuertemente armados y acorazados.<\/p>\n","protected":false},"author":1,"featured_media":5388,"menu_order":0,"comment_status":"open","ping_status":"closed","template":"","meta":[],"portfolio-types":[77,47],"_links":{"self":[{"href":"https:\/\/marqalicante.com\/gladiadores\/wp-json\/wp\/v2\/portfolio\/5405"}],"collection":[{"href":"https:\/\/marqalicante.com\/gladiadores\/wp-json\/wp\/v2\/portfolio"}],"about":[{"href":"https:\/\/marqalicante.com\/gladiadores\/wp-json\/wp\/v2\/types\/portfolio"}],"author":[{"embeddable":true,"href":"https:\/\/marqalicante.com\/gladiadores\/wp-json\/wp\/v2\/users\/1"}],"replies":[{"embeddable":true,"href":"https:\/\/marqalicante.com\/gladiadores\/wp-json\/wp\/v2\/comments?post=5405"}],"wp:featuredmedia":[{"embeddable":true,"href":"https:\/\/marqalicante.com\/gladiadores\/wp-json\/wp\/v2\/media\/5388"}],"wp:attachment":[{"href":"https:\/\/marqalicante.com\/gladiadores\/wp-json\/wp\/v2\/media?parent=5405"}],"wp:term":[{"taxonomy":"portfolio-types","embeddable":true,"href":"https:\/\/marqalicante.com\/gladiadores\/wp-json\/wp\/v2\/portfolio-types?post=5405"}],"curies":[{"name":"wp","href":"https:\/\/api.w.org\/{rel}","templated":true}]}}